{"id":3738,"date":"2019-07-03T11:52:25","date_gmt":"2019-07-03T09:52:25","guid":{"rendered":"https:\/\/www.pulledraia.it\/die-philosophie-des-bauernhofs-in-der-toskana.html"},"modified":"2019-07-03T11:53:55","modified_gmt":"2019-07-03T09:53:55","slug":"familienurlaub-toskana","status":"publish","type":"page","link":"https:\/\/www.pulledraia.it\/de\/familienurlaub-toskana\/","title":{"rendered":"Die Philosophie des Bauernhofs in der Toskana"},"content":{"rendered":"<p>[vc_row hide_bg_image_on_tablet=&#8221;&#8221; hide_bg_image_on_mobile=&#8221;&#8221;][vc_column][vc_column_text]<\/p>\n<p align=\"justify\">Podere Montegrappa Farm Pulledraia aus einem Traum geboren, um unserer Zeit zu finden und beginnen, die richtigen Priorit\u00e4ten im Leben wiederherzustellen. Das Leben l\u00e4uft jetzt in einem Tempo zu hektisch und wild und es bleibt mehr Zeit f\u00fcr die wichtigen Dinge wie Chat mit anderen teilen ihre Erfahrungen und Perspektiven. Mit Ruhe und Frieden.<br \/>\nAlso beschlossen wir, eine Oase f\u00fcr uns selbst, unsere Familie und f\u00fcr diejenigen, die zu uns kommen, um ihre Leidenschaft f\u00fcr D\u00fcfte und K\u00fcche \u201cHaus\u201d Aktien mit einer Leidenschaft f\u00fcr eine sch\u00f6ne Region von Italien, Toskana wollen bauen . Aus diesen Gr\u00fcnden haben wir die Farm, und wir haben renoviert und mit einer Vorliebe f\u00fcr Einfachheit, m\u00f6bliert wir.<\/p>\n<p><img loading=\"lazy\" decoding=\"async\" class=\"size-medium wp-image-1417 alignleft\" src=\"https:\/\/www.pulledraia.it\/wp-content\/uploads\/2019\/05\/foto-G.-Anselmi-Vanessa-del-Cardo-Cala-di-forno-300x194.jpg\" alt=\"\" width=\"300\" height=\"194\" srcset=\"https:\/\/www.pulledraia.it\/wp-content\/uploads\/2019\/05\/foto-G.-Anselmi-Vanessa-del-Cardo-Cala-di-forno-300x194.jpg 300w, https:\/\/www.pulledraia.it\/wp-content\/uploads\/2019\/05\/foto-G.-Anselmi-Vanessa-del-Cardo-Cala-di-forno-768x497.jpg 768w, https:\/\/www.pulledraia.it\/wp-content\/uploads\/2019\/05\/foto-G.-Anselmi-Vanessa-del-Cardo-Cala-di-forno-1024x662.jpg 1024w, https:\/\/www.pulledraia.it\/wp-content\/uploads\/2019\/05\/foto-G.-Anselmi-Vanessa-del-Cardo-Cala-di-forno-370x239.jpg 370w, https:\/\/www.pulledraia.it\/wp-content\/uploads\/2019\/05\/foto-G.-Anselmi-Vanessa-del-Cardo-Cala-di-forno-1192x776.jpg 1192w, https:\/\/www.pulledraia.it\/wp-content\/uploads\/2019\/05\/foto-G.-Anselmi-Vanessa-del-Cardo-Cala-di-forno-760x491.jpg 760w, https:\/\/www.pulledraia.it\/wp-content\/uploads\/2019\/05\/foto-G.-Anselmi-Vanessa-del-Cardo-Cala-di-forno-740x479.jpg 740w, https:\/\/www.pulledraia.it\/wp-content\/uploads\/2019\/05\/foto-G.-Anselmi-Vanessa-del-Cardo-Cala-di-forno.jpg 1200w\" sizes=\"auto, (max-width: 300px) 100vw, 300px\" \/>In questo modo i nostri ospiti potranno godere non solo di una vacanza, ma potranno condividere la nostra esperienza, e potranno vivere insieme a noi il clima della Maremma, il gusto genuino dei sapori di una volta grazie a prodotti biologici cucinati con cura..<\/p>\n<p>Auf diese Weise k\u00f6nnen unsere Kunden genie\u00dfen nicht nur die Feiertage, aber unsere Erfahrungen zu teilen und in der Lage sein, mit uns zu leben, das Klima der Maremma, der wahre Geschmack der Aromen der Vergangenheit an Bio-Produkten mit Sorgfalt zubereitet ..<\/p>\n<p>Wenn Sie kommen, lassen Sie zu Hause in Eile, Stress und fernsehen wollen.<br \/>\nNehmen Sie sich ein paar Tage Zeit .. Maremma ist ein altes Land, wo die Zeit, die Natur und die Menschen, die gelebt haben und Spuren hinterlassen haben, die noch sichtbar sind bilden eine reiche Natur, Kunst, Kultur und Traditionen. Tauchen Sie ein in der toskanischen Maremma und ihre Traditionen und zur\u00fcckkehren, um eine einfache Lebensweise Vorteil, aber wahr Urlaub in der Toskana zu genie\u00dfen, ein unvergessliches Erlebnis zu bieten.<\/p>\n<p align=\"justify\"><b><img loading=\"lazy\" decoding=\"async\" class=\"size-medium wp-image-1413 alignright\" src=\"https:\/\/www.pulledraia.it\/wp-content\/uploads\/2019\/05\/foto-G.-Anselmi-Torre-Collelungo-300x200.jpg\" alt=\"\" width=\"300\" height=\"200\" srcset=\"https:\/\/www.pulledraia.it\/wp-content\/uploads\/2019\/05\/foto-G.-Anselmi-Torre-Collelungo-300x200.jpg 300w, https:\/\/www.pulledraia.it\/wp-content\/uploads\/2019\/05\/foto-G.-Anselmi-Torre-Collelungo-768x512.jpg 768w, https:\/\/www.pulledraia.it\/wp-content\/uploads\/2019\/05\/foto-G.-Anselmi-Torre-Collelungo-1024x683.jpg 1024w, https:\/\/www.pulledraia.it\/wp-content\/uploads\/2019\/05\/foto-G.-Anselmi-Torre-Collelungo-370x247.jpg 370w, https:\/\/www.pulledraia.it\/wp-content\/uploads\/2019\/05\/foto-G.-Anselmi-Torre-Collelungo-1192x800.jpg 1192w, https:\/\/www.pulledraia.it\/wp-content\/uploads\/2019\/05\/foto-G.-Anselmi-Torre-Collelungo-760x507.jpg 760w, https:\/\/www.pulledraia.it\/wp-content\/uploads\/2019\/05\/foto-G.-Anselmi-Torre-Collelungo-740x493.jpg 740w, https:\/\/www.pulledraia.it\/wp-content\/uploads\/2019\/05\/foto-G.-Anselmi-Torre-Collelungo.jpg 1200w\" sizes=\"auto, (max-width: 300px) 100vw, 300px\" \/>Keine Makler und Agenturen, das Internet.<\/b><br \/>\nDirekte Verwaltung von Buchungen \u00fcber unsere Website, E-Mail oder Telefon.<br \/>\nWir haben als ein Mittel auf unserer Website und Informationsportale und Reservierung Kommunikation gew\u00e4hlt. Auf diese Weise k\u00f6nnen Sie jederzeit direkt an uns wenden.<br \/>\nAuf unserer Website k\u00f6nnen Sie online reservieren in nur wenigen einfachen Schritten, aber wenn Sie uns per E-Mail oder rufen Sie uns am Telefon bitte m\u00f6chten z\u00f6gern Sie nicht, dies zu tun.<br \/>\nAuch nur zu wissen, dass wir oder Sprachsteuerung einzureichen einige Ihrer Bed\u00fcrfnisse.<\/p>\n<p align=\"justify\"><b><img loading=\"lazy\" decoding=\"async\" class=\"size-medium wp-image-1409 alignleft\" src=\"https:\/\/www.pulledraia.it\/wp-content\/uploads\/2019\/05\/foto-G.-Anselmi-Foto-G.Anselmi-Ghiandaia-Marina-300x200.jpg\" alt=\"\" width=\"300\" height=\"200\" srcset=\"https:\/\/www.pulledraia.it\/wp-content\/uploads\/2019\/05\/foto-G.-Anselmi-Foto-G.Anselmi-Ghiandaia-Marina-300x200.jpg 300w, https:\/\/www.pulledraia.it\/wp-content\/uploads\/2019\/05\/foto-G.-Anselmi-Foto-G.Anselmi-Ghiandaia-Marina-768x512.jpg 768w, https:\/\/www.pulledraia.it\/wp-content\/uploads\/2019\/05\/foto-G.-Anselmi-Foto-G.Anselmi-Ghiandaia-Marina-1024x683.jpg 1024w, https:\/\/www.pulledraia.it\/wp-content\/uploads\/2019\/05\/foto-G.-Anselmi-Foto-G.Anselmi-Ghiandaia-Marina-370x247.jpg 370w, https:\/\/www.pulledraia.it\/wp-content\/uploads\/2019\/05\/foto-G.-Anselmi-Foto-G.Anselmi-Ghiandaia-Marina-1192x800.jpg 1192w, https:\/\/www.pulledraia.it\/wp-content\/uploads\/2019\/05\/foto-G.-Anselmi-Foto-G.Anselmi-Ghiandaia-Marina-760x507.jpg 760w, https:\/\/www.pulledraia.it\/wp-content\/uploads\/2019\/05\/foto-G.-Anselmi-Foto-G.Anselmi-Ghiandaia-Marina-740x493.jpg 740w, https:\/\/www.pulledraia.it\/wp-content\/uploads\/2019\/05\/foto-G.-Anselmi-Foto-G.Anselmi-Ghiandaia-Marina.jpg 1200w\" sizes=\"auto, (max-width: 300px) 100vw, 300px\" \/>Unsere pers\u00f6nliche Note.<\/b><br \/>\nJede Familie hat eine pers\u00f6nliche Note, die den gesamten Aufenthalt charakterisiert. Unsere wichtigsten ist, dass wir Pulledraia gebaut f\u00fcr uns und unsere Familien.<br \/>\nWir wollten einen Ort, wo unsere Kinder gerne ein paar unbeschwerte \u201cZeit mit ihren Gro\u00dfeltern und Onkeln Einfachheit zu verbringen, zur\u00fcck zum Wandern, Radfahren w\u00fcrde und begann zu reiten, gehen Sie zu den Feldern mit sein Gro\u00dfvater, genie\u00dfen die guten Dinge, die ihrer Gro\u00dfmutter bereitet.<br \/>\nWir sind auch sehr ruhig, sch\u00fcchtern und mag es nicht, den Lebensraum anderer einzudringen.<br \/>\nSie werden in unserem Hause begr\u00fc\u00dfen zu d\u00fcrfen und wir werden versuchen, f\u00fchlen Sie sich zu Hause, aber diskret.<br \/>\nWir sind nicht perfekt und nicht vorgeben zu sein, aber wir sind aufrichtig, ehrlich, gro\u00dfz\u00fcgig und immer in gutem Glauben.<br \/>\nDas gibt unseren Kunden das Gef\u00fchl des Lebens auf dem Bauernhof als eine Familie und wir sind stolz<\/p>\n<p>&nbsp;[\/vc_column_text][\/vc_column][\/vc_row]<\/p>\n","protected":false},"excerpt":{"rendered":"<p>[vc_row hide_bg_image_on_tablet=&#8221;&#8221; hide_bg_image_on_mobile=&#8221;&#8221;][vc_column][vc_column_text] Podere Montegrappa Farm Pulledraia aus einem Traum geboren, um unserer Zeit zu finden und beginnen, die richtigen Priorit\u00e4ten im Leben wiederherzustellen. Das Leben l\u00e4uft jetzt in einem&hellip;<\/p>\n","protected":false},"author":1,"featured_media":1235,"parent":0,"menu_order":0,"comment_status":"closed","ping_status":"closed","template":"","meta":{"ngg_post_thumbnail":0,"footnotes":""},"categories":[],"tags":[],"class_list":["post-3738","page","type-page","status-publish","has-post-thumbnail","hentry"],"_links":{"self":[{"href":"https:\/\/www.pulledraia.it\/de\/wp-json\/wp\/v2\/pages\/3738\/"}],"collection":[{"href":"https:\/\/www.pulledraia.it\/de\/wp-json\/wp\/v2\/pages\/"}],"about":[{"href":"https:\/\/www.pulledraia.it\/de\/wp-json\/wp\/v2\/types\/page\/"}],"author":[{"embeddable":true,"href":"https:\/\/www.pulledraia.it\/de\/wp-json\/wp\/v2\/users\/1\/"}],"replies":[{"embeddable":true,"href":"https:\/\/www.pulledraia.it\/de\/wp-json\/wp\/v2\/comments\/?post=3738"}],"version-history":[{"count":2,"href":"https:\/\/www.pulledraia.it\/de\/wp-json\/wp\/v2\/pages\/3738\/revisions\/"}],"predecessor-version":[{"id":3740,"href":"https:\/\/www.pulledraia.it\/de\/wp-json\/wp\/v2\/pages\/3738\/revisions\/3740\/"}],"wp:featuredmedia":[{"embeddable":true,"href":"https:\/\/www.pulledraia.it\/de\/wp-json\/wp\/v2\/media\/1235\/"}],"wp:attachment":[{"href":"https:\/\/www.pulledraia.it\/de\/wp-json\/wp\/v2\/media\/?parent=3738"}],"wp:term":[{"taxonomy":"category","embeddable":true,"href":"https:\/\/www.pulledraia.it\/de\/wp-json\/wp\/v2\/categories\/?post=3738"},{"taxonomy":"post_tag","embeddable":true,"href":"https:\/\/www.pulledraia.it\/de\/wp-json\/wp\/v2\/tags\/?post=3738"}],"curies":[{"name":"wp","href":"https:\/\/api.w.org\/{rel}","templated":true}]}}