{"id":3741,"date":"2019-07-03T11:55:53","date_gmt":"2019-07-03T09:55:53","guid":{"rendered":"https:\/\/www.pulledraia.it\/10-gute-grunde-fur-einen-bauernhofurlaub-in-der-toskana.html"},"modified":"2019-07-03T12:01:05","modified_gmt":"2019-07-03T10:01:05","slug":"ferien-bauernhof-toskana","status":"publish","type":"page","link":"https:\/\/www.pulledraia.it\/de\/ferien-bauernhof-toskana\/","title":{"rendered":"10 gute Gr\u00fcnde f\u00fcr einen Bauernhofurlaub in der Toskana"},"content":{"rendered":"<p>[vc_row hide_bg_image_on_tablet=&#8221;&#8221; hide_bg_image_on_mobile=&#8221;&#8221;][vc_column]<div class=\"cq-accordion2 \" style=\"width:;\" data-titlecolor=\"#927658\" data-titlebg=\"#ffffff\" data-titlehoverbg=\"#ffffff\" data-titlehovercolor=\"#dd9933\" data-displayfirst=\"\"><dl><dt><a class=\"accordionTitle withBorder\" style=\"background-color:#ffffff;background-image:url();padding:;color:#927658;border-color:#dd9933;\" href=\"#\"><i class=\"accordion-icon\">+<\/i><span style=\"font-size:;\">Strategische Position<\/span><\/a><\/dt><dd class=\"accordionItem accordionItemCollapsed\"><div class=\"accordion-content\" style=\"background-color:#ffffff;color:#927658;font-size:;\">Alberese, im Herzen der Maremma-Toskana, befindet sich in einer hervorragenden Lage, um nicht nur den Naturpark der Maremma zu besichtigen, sondern noch viele andere Ausfl\u00fcge zu machen. Im Umkreis von 50 km befinden sich Castiglione della Pescaia, Punta Ala und all die wundersch\u00f6nen Str\u00e4nde der tyrrhenischen K\u00fcste, Saturnia mit seinen Thermen, die Ortschaften Pitigliano, Sorano und Sovana, die DOC-Weinkellereien des Morellino di Scansano, der Strand von Argentario, das Moor von Orbetello, die Altstadt von Grosseto sowie die arch\u00e4ologischen Gebiete rund um Roselle und Vetulonia.<\/p>\n<p>&nbsp;<\/p>\n<div class=\"vc_row wpb_row vc_row-fluid\">\n<div class=\"wpb_column vc_column_container vc_col-sm-4 sc_layouts_column_icons_position_left\">\n<div class=\"vc_column-inner \">\n<div class=\"wpb_wrapper\">\n<div class=\"wpb_single_image wpb_content_element vc_align_center\">\n<figure class=\"wpb_wrapper vc_figure\">\n<div class=\"vc_single_image-wrapper vc_box_border_grey\"><img loading=\"lazy\" decoding=\"async\" class=\"vc_single_image-img attachment-medium\" src=\"https:\/\/demositoweb.it\/pulledraia\/wp-content\/uploads\/2019\/05\/Montecucco-Colline-inverno-300x205.jpg\" sizes=\"auto, (max-width: 300px) 100vw, 300px\" srcset=\"https:\/\/demositoweb.it\/pulledraia\/wp-content\/uploads\/2019\/05\/Montecucco-Colline-inverno-300x205.jpg 300w, https:\/\/demositoweb.it\/pulledraia\/wp-content\/uploads\/2019\/05\/Montecucco-Colline-inverno-768x524.jpg 768w, https:\/\/demositoweb.it\/pulledraia\/wp-content\/uploads\/2019\/05\/Montecucco-Colline-inverno-1024x699.jpg 1024w, https:\/\/demositoweb.it\/pulledraia\/wp-content\/uploads\/2019\/05\/Montecucco-Colline-inverno-370x252.jpg 370w, https:\/\/demositoweb.it\/pulledraia\/wp-content\/uploads\/2019\/05\/Montecucco-Colline-inverno-760x519.jpg 760w, https:\/\/demositoweb.it\/pulledraia\/wp-content\/uploads\/2019\/05\/Montecucco-Colline-inverno-1520x1037.jpg 1520w, https:\/\/demositoweb.it\/pulledraia\/wp-content\/uploads\/2019\/05\/Montecucco-Colline-inverno-740x505.jpg 740w, https:\/\/demositoweb.it\/pulledraia\/wp-content\/uploads\/2019\/05\/Montecucco-Colline-inverno.jpg 1583w\" alt=\"\" width=\"300\" height=\"205\"><\/div>\n<\/figure>\n<\/div>\n<\/div>\n<\/div>\n<\/div>\n<div class=\"wpb_column vc_column_container vc_col-sm-4 sc_layouts_column_icons_position_left\">\n<div class=\"vc_column-inner \">\n<div class=\"wpb_wrapper\">\n<div class=\"wpb_single_image wpb_content_element vc_align_center\">\n<figure class=\"wpb_wrapper vc_figure\">\n<div class=\"vc_single_image-wrapper vc_box_border_grey\"><img loading=\"lazy\" decoding=\"async\" class=\"vc_single_image-img attachment-medium\" src=\"https:\/\/demositoweb.it\/pulledraia\/wp-content\/uploads\/2019\/05\/Parco-spiaggia-cala-di-forno-21-300x199.jpg\" sizes=\"auto, (max-width: 300px) 100vw, 300px\" srcset=\"https:\/\/demositoweb.it\/pulledraia\/wp-content\/uploads\/2019\/05\/Parco-spiaggia-cala-di-forno-21-300x199.jpg 300w, https:\/\/demositoweb.it\/pulledraia\/wp-content\/uploads\/2019\/05\/Parco-spiaggia-cala-di-forno-21-768x509.jpg 768w, https:\/\/demositoweb.it\/pulledraia\/wp-content\/uploads\/2019\/05\/Parco-spiaggia-cala-di-forno-21-1024x679.jpg 1024w, https:\/\/demositoweb.it\/pulledraia\/wp-content\/uploads\/2019\/05\/Parco-spiaggia-cala-di-forno-21-370x245.jpg 370w, https:\/\/demositoweb.it\/pulledraia\/wp-content\/uploads\/2019\/05\/Parco-spiaggia-cala-di-forno-21-760x504.jpg 760w, https:\/\/demositoweb.it\/pulledraia\/wp-content\/uploads\/2019\/05\/Parco-spiaggia-cala-di-forno-21-1520x1008.jpg 1520w, https:\/\/demositoweb.it\/pulledraia\/wp-content\/uploads\/2019\/05\/Parco-spiaggia-cala-di-forno-21-740x491.jpg 740w\" alt=\"\" width=\"300\" height=\"199\"><\/div>\n<\/figure>\n<\/div>\n<\/div>\n<\/div>\n<\/div>\n<div class=\"wpb_column vc_column_container vc_col-sm-4 sc_layouts_column_icons_position_left\">\n<div class=\"vc_column-inner \">\n<div class=\"wpb_wrapper\">\n<div class=\"wpb_single_image wpb_content_element vc_align_center\">\n<figure class=\"wpb_wrapper vc_figure\">\n<div class=\"vc_single_image-wrapper vc_box_border_grey\"><img loading=\"lazy\" decoding=\"async\" class=\"vc_single_image-img attachment-medium\" src=\"https:\/\/demositoweb.it\/pulledraia\/wp-content\/uploads\/2019\/05\/Parco-vacche-pompa-animali-300x202.jpg\" sizes=\"auto, (max-width: 300px) 100vw, 300px\" srcset=\"https:\/\/demositoweb.it\/pulledraia\/wp-content\/uploads\/2019\/05\/Parco-vacche-pompa-animali-300x202.jpg 300w, https:\/\/demositoweb.it\/pulledraia\/wp-content\/uploads\/2019\/05\/Parco-vacche-pompa-animali-768x517.jpg 768w, https:\/\/demositoweb.it\/pulledraia\/wp-content\/uploads\/2019\/05\/Parco-vacche-pompa-animali-1024x689.jpg 1024w, https:\/\/demositoweb.it\/pulledraia\/wp-content\/uploads\/2019\/05\/Parco-vacche-pompa-animali-370x249.jpg 370w, https:\/\/demositoweb.it\/pulledraia\/wp-content\/uploads\/2019\/05\/Parco-vacche-pompa-animali-760x511.jpg 760w, https:\/\/demositoweb.it\/pulledraia\/wp-content\/uploads\/2019\/05\/Parco-vacche-pompa-animali-1520x1023.jpg 1520w, https:\/\/demositoweb.it\/pulledraia\/wp-content\/uploads\/2019\/05\/Parco-vacche-pompa-animali-740x498.jpg 740w\" alt=\"\" width=\"300\" height=\"202\"><\/div>\n<\/figure>\n<\/div>\n<\/div>\n<\/div>\n<\/div>\n<\/div>\n<p><\/div><\/dd><dt><a class=\"accordionTitle withBorder\" style=\"background-color:#ffffff;background-image:url();padding:;color:#927658;border-color:#dd9933;\" href=\"#\"><i class=\"accordion-icon\">+<\/i><span style=\"font-size:;\">Kunst und Kultur in der Toskana und der Naturpark der Maremma<\/span><\/a><\/dt><dd class=\"accordionItem accordionItemCollapsed\"><div class=\"accordion-content\" style=\"background-color:#ffffff;color:#927658;font-size:;\">\u00dcber 50% der Weltkunstsch\u00e4tze befinden sich in Italien; davon befinden sich wiederum mehr als 50% in der Toskana. Viele Urlauber kennen Pisa, Siena und Florenz, aber auch kleinere Ortschaften sind reich an \u00dcberraschungen. Grosseto und das Umland machen da keine Ausnahme, mit ihren mittelalterlichen D\u00f6rfern, den Ausgrabungsst\u00e4tten, dem Naturpark der Maremma, den Thermen von Saturnia, dem Meer von Argentario sowie den Inseln Giglio, Giannutri und Montecristo.<\/p>\n<p>&nbsp;<\/p>\n<div class=\"vc_row wpb_row vc_row-fluid\">\n<div class=\"wpb_column vc_column_container vc_col-sm-4 sc_layouts_column_icons_position_left\">\n<div class=\"vc_column-inner \">\n<div class=\"wpb_wrapper\">\n<div class=\"wpb_single_image wpb_content_element vc_align_center\">\n<figure class=\"wpb_wrapper vc_figure\">\n<div class=\"vc_single_image-wrapper vc_box_border_grey\"><img loading=\"lazy\" decoding=\"async\" class=\"vc_single_image-img \" title=\"021BONA\" src=\"https:\/\/demositoweb.it\/pulledraia\/wp-content\/uploads\/2019\/05\/021BONA-300x205.jpg\" alt=\"021BONA\" width=\"300\" height=\"205\"><\/div>\n<\/figure>\n<\/div>\n<\/div>\n<\/div>\n<\/div>\n<div class=\"wpb_column vc_column_container vc_col-sm-4 sc_layouts_column_icons_position_left\">\n<div class=\"vc_column-inner \">\n<div class=\"wpb_wrapper\">\n<div class=\"wpb_single_image wpb_content_element vc_align_center\">\n<figure class=\"wpb_wrapper vc_figure\">\n<div class=\"vc_single_image-wrapper vc_box_border_grey\"><img loading=\"lazy\" decoding=\"async\" class=\"vc_single_image-img \" title=\"14-Follonica-ghisa-Forma\" src=\"https:\/\/demositoweb.it\/pulledraia\/wp-content\/uploads\/2019\/05\/14-Follonica-ghisa-Forma-300x205.jpg\" alt=\"14-Follonica-ghisa-Forma\" width=\"300\" height=\"205\"><\/div>\n<\/figure>\n<\/div>\n<\/div>\n<\/div>\n<\/div>\n<div class=\"wpb_column vc_column_container vc_col-sm-4 sc_layouts_column_icons_position_left\">\n<div class=\"vc_column-inner \">\n<div class=\"wpb_wrapper\">\n<div class=\"wpb_single_image wpb_content_element vc_align_center\">\n<figure class=\"wpb_wrapper vc_figure\">\n<div class=\"vc_single_image-wrapper vc_box_border_grey\"><img loading=\"lazy\" decoding=\"async\" class=\"vc_single_image-img \" title=\"09-Follonica\" src=\"https:\/\/demositoweb.it\/pulledraia\/wp-content\/uploads\/2019\/05\/09-Follonica-300x205.jpg\" alt=\"09-Follonica\" width=\"300\" height=\"205\"><\/div>\n<\/figure>\n<\/div>\n<\/div>\n<\/div>\n<\/div>\n<\/div>\n<p><\/div><\/dd><dt><a class=\"accordionTitle withBorder\" style=\"background-color:#ffffff;background-image:url();padding:;color:#927658;border-color:#dd9933;\" href=\"#\"><i class=\"accordion-icon\">+<\/i><span style=\"font-size:;\">Familienbetrieb <\/span><\/a><\/dt><dd class=\"accordionItem accordionItemCollapsed\"><div class=\"accordion-content\" style=\"background-color:#ffffff;color:#927658;font-size:;\">Der Agriturismus La Pulledraia ist ein Familienbetrieb. Unsere G\u00e4ste, die landwirtschaftliche Produktion und die K\u00fcche betreuen wir selbst. Auch bei Ihrer Ankunft werden Sie von uns pers\u00f6nlich begr\u00fc\u00dft!<\/p>\n<p>&nbsp;<\/p>\n<div class=\"vc_row wpb_row vc_row-fluid\">\n<div class=\"wpb_column vc_column_container vc_col-sm-6 sc_layouts_column_icons_position_left\">\n<div class=\"vc_column-inner \">\n<div class=\"wpb_wrapper\">\n<div class=\"wpb_single_image wpb_content_element vc_align_center\">\n<figure class=\"wpb_wrapper vc_figure\">\n<div class=\"vc_single_image-wrapper vc_box_border_grey\"><img loading=\"lazy\" decoding=\"async\" class=\"vc_single_image-img \" title=\"SALAPRA6\" src=\"https:\/\/demositoweb.it\/pulledraia\/wp-content\/uploads\/2019\/05\/SALAPRA6-300x205.jpg\" alt=\"SALAPRA6\" width=\"300\" height=\"205\"><\/div>\n<\/figure>\n<\/div>\n<\/div>\n<\/div>\n<\/div>\n<div class=\"wpb_column vc_column_container vc_col-sm-6 sc_layouts_column_icons_position_left\">\n<div class=\"vc_column-inner \">\n<div class=\"wpb_wrapper\">\n<div class=\"wpb_single_image wpb_content_element vc_align_center\">\n<figure class=\"wpb_wrapper vc_figure\">\n<div class=\"vc_single_image-wrapper vc_box_border_grey\"><img loading=\"lazy\" decoding=\"async\" class=\"vc_single_image-img \" title=\"pranzo\" src=\"https:\/\/demositoweb.it\/pulledraia\/wp-content\/uploads\/2019\/05\/pranzo-300x205.jpg\" alt=\"pranzo\" width=\"300\" height=\"205\"><\/div>\n<\/figure>\n<\/div>\n<\/div>\n<\/div>\n<\/div>\n<\/div>\n<p><\/div><\/dd><dt><a class=\"accordionTitle withBorder\" style=\"background-color:#ffffff;background-image:url();padding:;color:#927658;border-color:#dd9933;\" href=\"#\"><i class=\"accordion-icon\">+<\/i><span style=\"font-size:;\">Eigenproduktion biologischer Produkte <\/span><\/a><\/dt><dd class=\"accordionItem accordionItemCollapsed\"><div class=\"accordion-content\" style=\"background-color:#ffffff;color:#927658;font-size:;\">Seit jeher besch\u00e4ftigt sich unsere Familie mit dem Anbau der Produkte, die im Laufe des Jahres ben\u00f6tigt werden. Wir produzieren unser eigenes \u00d6l, Wein, Tomatenmark, vegetarische Aufstriche, Obst und Gem\u00fcse. Wir halten Hoftiere, wie H\u00fchner und Hasen, und somit k\u00f6nnen Sie sicher sein, dass sie aus eigener Zucht stammen, wenn sie auf den Tisch kommen. Alles wird von uns selbst produziert und das vor allem f\u00fcr unsere Familie und somit haben auch unsere G\u00e4ste die Garantie, echte Naturprodukte zu essen.<\/div><\/dd><dt><a class=\"accordionTitle withBorder\" style=\"background-color:#ffffff;background-image:url();padding:;color:#927658;border-color:#dd9933;\" href=\"#\"><i class=\"accordion-icon\">+<\/i><span style=\"font-size:;\">Gro\u00dfer Garten und Aussichtslage <\/span><\/a><\/dt><dd class=\"accordionItem accordionItemCollapsed\"><div class=\"accordion-content\" style=\"background-color:#ffffff;color:#927658;font-size:;\">Wer sich gerne in der freien Natur aufh\u00e4lt, wird die g\u00fcnstige Lage der Pulledraia genie\u00dfen. Das rundum reizvolle Panorama, das man aus allen Zimmern bewundern kann, dehnt sich bis zu den H\u00fcgeln des Naturparks der Maremma aus. Au\u00dferdem ist die liebliche Aussicht des 24 ha gro\u00dfen landwirtschaftlichen Betriebes ideal, um Alltagstress und Sorgen zu vergessen und sich vollkommen zu entspannen.<\/p>\n<p>&nbsp;<\/p>\n<div class=\"vc_row wpb_row vc_row-fluid\">\n<div class=\"wpb_column vc_column_container vc_col-sm-4 sc_layouts_column_icons_position_left\">\n<div class=\"vc_column-inner \">\n<div class=\"wpb_wrapper\">\n<div class=\"wpb_single_image wpb_content_element vc_align_center\">\n<figure class=\"wpb_wrapper vc_figure\">\n<div class=\"vc_single_image-wrapper vc_box_border_grey\"><img loading=\"lazy\" decoding=\"async\" class=\"vc_single_image-img \" title=\"EST11\" src=\"https:\/\/demositoweb.it\/pulledraia\/wp-content\/uploads\/2019\/05\/EST11-300x205.jpg\" alt=\"EST11\" width=\"300\" height=\"205\"><\/div>\n<\/figure>\n<\/div>\n<\/div>\n<\/div>\n<\/div>\n<div class=\"wpb_column vc_column_container vc_col-sm-4 sc_layouts_column_icons_position_left\">\n<div class=\"vc_column-inner \">\n<div class=\"wpb_wrapper\">\n<div class=\"wpb_single_image wpb_content_element vc_align_center\">\n<figure class=\"wpb_wrapper vc_figure\">\n<div class=\"vc_single_image-wrapper vc_box_border_grey\"><img loading=\"lazy\" decoding=\"async\" class=\"vc_single_image-img \" title=\"DALONTAN\" src=\"https:\/\/demositoweb.it\/pulledraia\/wp-content\/uploads\/2019\/05\/DALONTAN-300x205.jpg\" alt=\"DALONTAN\" width=\"300\" height=\"205\"><\/div>\n<\/figure>\n<\/div>\n<\/div>\n<\/div>\n<\/div>\n<div class=\"wpb_column vc_column_container vc_col-sm-4 sc_layouts_column_icons_position_left\">\n<div class=\"vc_column-inner \">\n<div class=\"wpb_wrapper\">\n<div class=\"wpb_single_image wpb_content_element vc_align_center\">\n<figure class=\"wpb_wrapper vc_figure\">\n<div class=\"vc_single_image-wrapper vc_box_border_grey\"><img loading=\"lazy\" decoding=\"async\" class=\"vc_single_image-img \" title=\"EST16\" src=\"https:\/\/demositoweb.it\/pulledraia\/wp-content\/uploads\/2019\/05\/EST16-300x205.jpg\" alt=\"EST16\" width=\"300\" height=\"205\"><\/div>\n<\/figure>\n<\/div>\n<\/div>\n<\/div>\n<\/div>\n<\/div>\n<p><\/div><\/dd><dt><a class=\"accordionTitle withBorder\" style=\"background-color:#ffffff;background-image:url();padding:;color:#927658;border-color:#dd9933;\" href=\"#\"><i class=\"accordion-icon\">+<\/i><span style=\"font-size:;\">Entspannungsurlaub <\/span><\/a><\/dt><dd class=\"accordionItem accordionItemCollapsed\"><div class=\"accordion-content\" style=\"background-color:#ffffff;color:#927658;font-size:;\">Dank der nur 12 Doppelbettzimmer mit insgesamt 24 Betten, ist es m\u00f6glich, einen richtigen Erholgungsurlaub zu verbringen. Das nie \u00fcberf\u00fcllte Schwimmbad, die Anwesenheit von G\u00e4sten verschiedener Nationalit\u00e4t, die Ruhe der Felder und der Zimmer, die Abwesenheit von Gruppentouristen, all das gibt unseren G\u00e4sten die M\u00f6glichkeit, heitere Stunden in angenehmer Entspanntheit zu verbringen.<\/p>\n<p>&nbsp;<\/p>\n<div class=\"vc_row wpb_row vc_row-fluid\">\n<div class=\"wpb_column vc_column_container vc_col-sm-6 sc_layouts_column_icons_position_left\">\n<div class=\"vc_column-inner \">\n<div class=\"wpb_wrapper\">\n<div class=\"wpb_single_image wpb_content_element vc_align_center\">\n<figure class=\"wpb_wrapper vc_figure\">\n<div class=\"vc_single_image-wrapper vc_box_border_grey\"><img loading=\"lazy\" decoding=\"async\" class=\"vc_single_image-img \" title=\"EST19\" src=\"https:\/\/demositoweb.it\/pulledraia\/wp-content\/uploads\/2019\/05\/EST19-300x205.jpg\" alt=\"EST19\" width=\"300\" height=\"205\"><\/div>\n<\/figure>\n<\/div>\n<\/div>\n<\/div>\n<\/div>\n<div class=\"wpb_column vc_column_container vc_col-sm-6 sc_layouts_column_icons_position_left\">\n<div class=\"vc_column-inner \">\n<div class=\"wpb_wrapper\">\n<div class=\"wpb_single_image wpb_content_element vc_align_center\">\n<figure class=\"wpb_wrapper vc_figure\">\n<div class=\"vc_single_image-wrapper vc_box_border_grey\"><img loading=\"lazy\" decoding=\"async\" class=\"vc_single_image-img \" title=\"PISCINA5\" src=\"https:\/\/demositoweb.it\/pulledraia\/wp-content\/uploads\/2019\/05\/PISCINA5-300x205.jpg\" alt=\"PISCINA5\" width=\"300\" height=\"205\"><\/div>\n<\/figure>\n<\/div>\n<\/div>\n<\/div>\n<\/div>\n<\/div>\n<p><\/div><\/dd><dt><a class=\"accordionTitle withBorder\" style=\"background-color:#ffffff;background-image:url();padding:;color:#927658;border-color:#dd9933;\" href=\"#\"><i class=\"accordion-icon\">+<\/i><span style=\"font-size:;\">Aktivurlaub <\/span><\/a><\/dt><dd class=\"accordionItem accordionItemCollapsed\"><div class=\"accordion-content\" style=\"background-color:#ffffff;color:#927658;font-size:;\">F\u00fcr Liebhaber aktiver Ferien ist die Toskana genau das Richtige, und Alberese bietet alles, was man sich nur w\u00fcnschen kann. Die vielseitige Landschaft in der Umgebung von Alberese ist ideal f\u00fcr Sportarten wie Trekking im Naturpark der Maremma, Radfahren oder Mountainbiking auf den Radwegen von Alberese oder auf Landwegen (es gibt 2 Radverleihe im Dorf), Reiten im Reitclub oder mit den Hirten der Maremma, Tennis und Golf, Tauchen am Argentario, Windsurfen oder Kytesurfen in Telamone.<\/p>\n<p>&nbsp;<\/p>\n<div class=\"vc_row wpb_row vc_row-fluid\">\n<div class=\"wpb_column vc_column_container vc_col-sm-4 sc_layouts_column_icons_position_left\">\n<div class=\"vc_column-inner \">\n<div class=\"wpb_wrapper\">\n<div class=\"wpb_single_image wpb_content_element vc_align_center\">\n<figure class=\"wpb_wrapper vc_figure\">\n<div class=\"vc_single_image-wrapper vc_box_border_grey\"><img loading=\"lazy\" decoding=\"async\" class=\"vc_single_image-img \" title=\"1\" src=\"https:\/\/demositoweb.it\/pulledraia\/wp-content\/uploads\/2019\/05\/1-300x205.jpg\" alt=\"1\" width=\"300\" height=\"205\"><\/div>\n<\/figure>\n<\/div>\n<\/div>\n<\/div>\n<\/div>\n<div class=\"wpb_column vc_column_container vc_col-sm-4 sc_layouts_column_icons_position_left\">\n<div class=\"vc_column-inner \">\n<div class=\"wpb_wrapper\">\n<div class=\"wpb_single_image wpb_content_element vc_align_center\">\n<figure class=\"wpb_wrapper vc_figure\">\n<div class=\"vc_single_image-wrapper vc_box_border_grey\"><img loading=\"lazy\" decoding=\"async\" class=\"vc_single_image-img \" title=\"cavalli-mare-tramonto-sport-36\" src=\"https:\/\/demositoweb.it\/pulledraia\/wp-content\/uploads\/2019\/05\/cavalli-mare-tramonto-sport-36-300x205.jpg\" alt=\"cavalli-mare-tramonto-sport-36\" width=\"300\" height=\"205\"><\/div>\n<\/figure>\n<\/div>\n<\/div>\n<\/div>\n<\/div>\n<div class=\"wpb_column vc_column_container vc_col-sm-4 sc_layouts_column_icons_position_left\">\n<div class=\"vc_column-inner \">\n<div class=\"wpb_wrapper\">\n<div class=\"wpb_single_image wpb_content_element vc_align_center\">\n<figure class=\"wpb_wrapper vc_figure\">\n<div class=\"vc_single_image-wrapper vc_box_border_grey\"><img loading=\"lazy\" decoding=\"async\" class=\"vc_single_image-img \" title=\"Butteri-lacciaia-capalbio\" src=\"https:\/\/demositoweb.it\/pulledraia\/wp-content\/uploads\/2019\/05\/Butteri-lacciaia-capalbio-300x205.jpg\" alt=\"Butteri-lacciaia-capalbio\" width=\"300\" height=\"205\"><\/div>\n<\/figure>\n<\/div>\n<\/div>\n<\/div>\n<\/div>\n<\/div>\n<p><\/div><\/dd><dt><a class=\"accordionTitle withBorder\" style=\"background-color:#ffffff;background-image:url();padding:;color:#927658;border-color:#dd9933;\" href=\"#\"><i class=\"accordion-icon\">+<\/i><span style=\"font-size:;\">Garantiert bessere Preise und Vertraulichkeit pers\u00f6nlicher Daten <\/span><\/a><\/dt><dd class=\"accordionItem accordionItemCollapsed\"><div class=\"accordion-content\" style=\"background-color:#ffffff;color:#927658;font-size:;\">La Pulledraia waltet direkt \u00fcber die Verf\u00fcgbarkeit der Zimmer und die Preise, die auf dieser Website oder auf anderen Informations- und Touristikbuchungsportalen ver\u00f6ffentlicht sind. Und wer zum zweiten Mal zu uns kommt, findet garantiert die gleichen Preise wie beim ersten Aufenthalt vor, und das Jahr f\u00fcr Jahr, solange er wiederkommt! Buchungen oder einfache Bitten um Informationen werden von uns streng vertraulich behandelt, mit Respekt der Privatsph\u00e4re und der Garantie, dass keine Daten an Dritte weitergeleitet werden.<\/div><\/dd><dt><a class=\"accordionTitle withBorder\" style=\"background-color:#ffffff;background-image:url();padding:;color:#927658;border-color:#dd9933;\" href=\"#\"><i class=\"accordion-icon\">+<\/i><span style=\"font-size:;\">Keine Vermittler<\/span><\/a><\/dt><dd class=\"accordionItem accordionItemCollapsed\"><div class=\"accordion-content\" style=\"background-color:#ffffff;color:#927658;font-size:;\">La Pulledraia verzichtet im Gegensatz zu Agenturen oder traditionellen Tourismusoperatoren auf Vermittler, die nur die Preise in die H\u00f6he treiben oder Versp\u00e4tungen bei Buchungen verursachen. Wir glauben daran, dass direkte zwischenmenschliche Beziehungen schon bei der ersten Email entstehen, und dass direkte Kontakte einen klaren Informationsaustausch \u00fcber Appartements, angebotene Leistungen und Sehensw\u00fcrdigkeiten in der Umgebung erm\u00f6glichen.<\/div><\/dd><dt><a class=\"accordionTitle withBorder\" style=\"background-color:#ffffff;background-image:url();padding:;color:#927658;border-color:#dd9933;\" href=\"#\"><i class=\"accordion-icon\">+<\/i><span style=\"font-size:;\">Nur 500 Meter vom Dorf entfernt<\/span><\/a><\/dt><dd class=\"accordionItem accordionItemCollapsed\"><div class=\"accordion-content\" style=\"background-color:#ffffff;color:#927658;font-size:;\">Obwohl La Pulledraia mitten im Gr\u00fcn der Maremma- Toskana liegt, ist das Anwesen nur 500 Meter vom Dorf Alberese entfernt. Das erm\u00f6glicht es unseren G\u00e4sten, notwendige und unentbehrliche Erledigungen in wenigen Minuten zu Fu\u00df, mit dem Fahrrad oder mit dem Auto zu t\u00e4tigen. Das ist vor allem bei Aufenthalten in der Nebensaison sehr wichtig, da die N\u00e4he des Dorfes kein Gef\u00fchl von Einsamkeit aufkommen l\u00e4sst.<\/p>\n<p>&nbsp;<\/p>\n<div class=\"vc_row wpb_row vc_row-fluid\">\n<div class=\"wpb_column vc_column_container vc_col-sm-4 sc_layouts_column_icons_position_left\">\n<div class=\"vc_column-inner \">\n<div class=\"wpb_wrapper\">\n<div class=\"wpb_single_image wpb_content_element vc_align_center\">\n<figure class=\"wpb_wrapper vc_figure\">\n<div class=\"vc_single_image-wrapper vc_box_border_grey\"><img loading=\"lazy\" decoding=\"async\" class=\"vc_single_image-img \" title=\"museo\" src=\"https:\/\/demositoweb.it\/pulledraia\/wp-content\/uploads\/2019\/05\/museo-300x205.jpg\" alt=\"museo\" width=\"300\" height=\"205\"><\/div>\n<\/figure>\n<\/div>\n<\/div>\n<\/div>\n<\/div>\n<div class=\"wpb_column vc_column_container vc_col-sm-4 sc_layouts_column_icons_position_left\">\n<div class=\"vc_column-inner \">\n<div class=\"wpb_wrapper\">\n<div class=\"wpb_single_image wpb_content_element vc_align_center\">\n<figure class=\"wpb_wrapper vc_figure\">\n<div class=\"vc_single_image-wrapper vc_box_border_grey\"><img loading=\"lazy\" decoding=\"async\" class=\"vc_single_image-img \" title=\"87-Vetulonia-mura-etrusche\" src=\"https:\/\/demositoweb.it\/pulledraia\/wp-content\/uploads\/2019\/05\/87-Vetulonia-mura-etrusche-300x205.jpg\" alt=\"87-Vetulonia-mura-etrusche\" width=\"300\" height=\"205\"><\/div>\n<\/figure>\n<\/div>\n<\/div>\n<\/div>\n<\/div>\n<div class=\"wpb_column vc_column_container vc_col-sm-4 sc_layouts_column_icons_position_left\">\n<div class=\"vc_column-inner \">\n<div class=\"wpb_wrapper\">\n<div class=\"wpb_single_image wpb_content_element vc_align_center\">\n<figure class=\"wpb_wrapper vc_figure\">\n<div class=\"vc_single_image-wrapper vc_box_border_grey\"><img loading=\"lazy\" decoding=\"async\" class=\"vc_single_image-img \" title=\"duomo-comuneok\" src=\"https:\/\/demositoweb.it\/pulledraia\/wp-content\/uploads\/2019\/05\/duomo-comuneok-300x205.jpg\" alt=\"duomo-comuneok\" width=\"300\" height=\"205\"><\/div>\n<\/figure>\n<\/div>\n<\/div>\n<\/div>\n<\/div>\n<\/div>\n<p><\/div><\/dd><\/dl><\/div>[\/vc_column][\/vc_row]<\/p>\n","protected":false},"excerpt":{"rendered":"<p>[vc_row hide_bg_image_on_tablet=&#8221;&#8221; hide_bg_image_on_mobile=&#8221;&#8221;][vc_column][\/vc_column][\/vc_row]<\/p>\n","protected":false},"author":1,"featured_media":1235,"parent":0,"menu_order":0,"comment_status":"closed","ping_status":"closed","template":"","meta":{"ngg_post_thumbnail":0,"footnotes":""},"categories":[],"tags":[],"class_list":["post-3741","page","type-page","status-publish","has-post-thumbnail","hentry"],"_links":{"self":[{"href":"https:\/\/www.pulledraia.it\/de\/wp-json\/wp\/v2\/pages\/3741\/"}],"collection":[{"href":"https:\/\/www.pulledraia.it\/de\/wp-json\/wp\/v2\/pages\/"}],"about":[{"href":"https:\/\/www.pulledraia.it\/de\/wp-json\/wp\/v2\/types\/page\/"}],"author":[{"embeddable":true,"href":"https:\/\/www.pulledraia.it\/de\/wp-json\/wp\/v2\/users\/1\/"}],"replies":[{"embeddable":true,"href":"https:\/\/www.pulledraia.it\/de\/wp-json\/wp\/v2\/comments\/?post=3741"}],"version-history":[{"count":2,"href":"https:\/\/www.pulledraia.it\/de\/wp-json\/wp\/v2\/pages\/3741\/revisions\/"}],"predecessor-version":[{"id":3743,"href":"https:\/\/www.pulledraia.it\/de\/wp-json\/wp\/v2\/pages\/3741\/revisions\/3743\/"}],"wp:featuredmedia":[{"embeddable":true,"href":"https:\/\/www.pulledraia.it\/de\/wp-json\/wp\/v2\/media\/1235\/"}],"wp:attachment":[{"href":"https:\/\/www.pulledraia.it\/de\/wp-json\/wp\/v2\/media\/?parent=3741"}],"wp:term":[{"taxonomy":"category","embeddable":true,"href":"https:\/\/www.pulledraia.it\/de\/wp-json\/wp\/v2\/categories\/?post=3741"},{"taxonomy":"post_tag","embeddable":true,"href":"https:\/\/www.pulledraia.it\/de\/wp-json\/wp\/v2\/tags\/?post=3741"}],"curies":[{"name":"wp","href":"https:\/\/api.w.org\/{rel}","templated":true}]}}