{"id":3531,"date":"2019-06-26T15:43:15","date_gmt":"2019-06-26T13:43:15","guid":{"rendered":"https:\/\/www.pulledraia.it\/agritourisme-maremma-toscane-prix.html"},"modified":"2023-06-08T13:00:04","modified_gmt":"2023-06-08T11:00:04","slug":"prix","status":"publish","type":"page","link":"https:\/\/www.pulledraia.it\/fr\/prix\/","title":{"rendered":"Agritourisme Maremma Toscane: prix"},"content":{"rendered":"<p>[vc_row hide_bg_image_on_tablet=&#8221;&#8221; hide_bg_image_on_mobile=&#8221;&#8221;][vc_column][vc_column_text css=&#8221;.vc_custom_1686221992940{margin-top: 30px !important;}&#8221;]Nos prix varient d&#8217;un minimum de 40 Euros par personne \u00e0 un maximum de 100,00 Euros par personne et par nuit en chambre d&#8217;h\u00f4tes selon la p\u00e9riode, la saison et le jour de la semaine.<\/p>\n<p>Pour une r\u00e9servation en demi-pension, nous proposons toujours un prix forfaitaire comprenant tous les d\u00eeners et tous les petits d\u00e9jeuners, mais il est \u00e9galement possible de demander des d\u00eeners individuels en r\u00e9servant au moins la veille.<\/p>\n<p>Dans la section R\u00e9servation de notre site Web, vous pouvez v\u00e9rifier la disponibilit\u00e9 et les prix pour la p\u00e9riode de votre choix.<\/p>\n<p>NB: En haute saison, nous n&#8217;acceptons que les r\u00e9servations \u00e0 la semaine qui comprennent 7 nuits avec arriv\u00e9e le samedi et d\u00e9part le samedi et demi-pension (DP) pendant 7 jours..<\/p>\n<ul>\n<li>les enfants jusqu\u2019\u00e0 2 ans, qui n\u2019auront pas besoin d\u2019un lit suppl\u00e9mentaire ou de la cuisine, ne paieront rien<\/li>\n<li>lit ou divan\/couchette suppl\u00e9mentaire Euro 25 par jour<\/li>\n<li>diner: Euro 30 par personne (boissons exclues) \u2013 Euro 20 par enfant de moins de 8 ans s\u2019ils n\u2019exigent pas la cuisine diff\u00e9renci\u00e9e<\/li>\n<li>une personne seule occupant une chambre double (matrimoniale) paiera le tarif journalier normal major\u00e9 de 50%.<\/li>\n<li>le changement des draps et des serviettes, le nettoyage de la chambre sont supplementaire<\/li>\n<li>les tarifs de demi pension etou du diner ne comprennent pas les boissons<\/li>\n<li>shampoing et gel douche ne sont pas inclus dans les prix<\/li>\n<\/ul>\n<p>[\/vc_column_text][\/vc_column][\/vc_row][vc_row][vc_column][vc_custom_heading text=&#8221;CONDITIONS G\u00c9N\u00c9RALES DE R\u00c9SERVATION&#8221; font_container=&#8221;tag:h5|text_align:center&#8221;]<div class=\"cq-accordion2 \" style=\"width:;\" data-titlecolor=\"#927658\" data-titlebg=\"#ffffff\" data-titlehoverbg=\"#ffffff\" data-titlehovercolor=\"#dd9933\" data-displayfirst=\"\"><dl><dt><a class=\"accordionTitle withBorder\" style=\"background-color:#ffffff;background-image:url();padding:;color:#927658;border-color:#dd9933;\" href=\"#\"><i class=\"accordion-icon\">+<\/i><span style=\"font-size:;\">Prix<\/span><\/a><\/dt><dd class=\"accordionItem accordionItemCollapsed\"><div class=\"accordion-content\" style=\"background-color:#ffffff;color:#927658;font-size:;\">par personne et par jour. Le prix du s\u00e9jour comprend toujours le petit d\u00e9jeuner (qui ne peut \u00eatre exclue, m\u00eame si elle n\u2019est pas consomm\u00e9e). Les prix sont aussi sup\u00e9rieurs aux prix indicatifs par personne. Il faut toujours demander une offre pour la p\u00e9riode d\u2019int\u00e9r\u00eat pour vous et votre famille. Une <em>taxe<\/em> est pr\u00e9lev\u00e9e par la ville : 1 <em>EUR<\/em> par <em>personne<\/em> et par <em>nuit. <\/em><\/div><\/dd><dt><a class=\"accordionTitle withBorder\" style=\"background-color:#ffffff;background-image:url();padding:;color:#927658;border-color:#dd9933;\" href=\"#\"><i class=\"accordion-icon\">+<\/i><span style=\"font-size:;\">Traitement fourni \u00e0 diff\u00e9rentes saisons<\/span><\/a><\/dt><dd class=\"accordionItem accordionItemCollapsed\"><div class=\"accordion-content\" style=\"background-color:#ffffff;color:#927658;font-size:;\">Dans les mois de Juin, Juillet, Ao\u00fbt et Septembre nous donnons la priorit\u00e9 aux r\u00e9servations en demi-pension pour les s\u00e9jours d\u2019une semaine, le samedi et d\u00e9part le samedi. Dans le reste de l\u2019ann\u00e9e \u00e0 la place, vous pouvez r\u00e9server un h\u00e9bergement et petit-d\u00e9jeuner et demi-pension sera offert uniquement le week-end ou des groupes de personnes, mais toujours sur demande. Tarifs \u00e0 la semaine ne sont applicables que pour les r\u00e9servations de 7 nuits avec arriv\u00e9e le samedi et d\u00e9part le samedi en demi-pension. Pour les longs s\u00e9jours, mais avec arriv\u00e9e et d\u00e9part le samedi, nous appliquerons les tarifs journaliers pour le nombre de jours de s\u00e9jour. Pour des demandes sp\u00e9ciales ou des groupes, nous pouvons faire des offres promotionnelles de temps en temps en fonction de la taille du groupe et de la dur\u00e9e du s\u00e9jour.<\/div><\/dd><dt><a class=\"accordionTitle withBorder\" style=\"background-color:#ffffff;background-image:url();padding:;color:#927658;border-color:#dd9933;\" href=\"#\"><i class=\"accordion-icon\">+<\/i><span style=\"font-size:;\">Politique de r\u00e9servation et annulation<\/span><\/a><\/dt><dd class=\"accordionItem accordionItemCollapsed\"><div class=\"accordion-content\" style=\"background-color:#ffffff;color:#927658;font-size:;\">Toutes les r\u00e9servations seront valables qu\u2019apr\u00e8s l\u2019envoi d\u2019un acompte. Le montant de l\u2019acompte, g\u00e9n\u00e9ralement \u00e9gal \u00e0 30% de la valeur de votre r\u00e9servation, vous serez inform\u00e9 au moment de la confirmation de r\u00e9servation. Si vous souhaitez annuler votre r\u00e9servation s\u2019il vous pla\u00eet le faire d\u00e8s que possible et au moins 30 jours avant la date d\u2019arriv\u00e9e. Si nous recevons une demande d\u2019annulation de votre r\u00e9servation avec un pr\u00e9avis d\u2019au moins 30 jours avant la date d\u2019arriv\u00e9e, l\u2019acompte ne sera pas retourn\u00e9, mais peut \u00eatre r\u00e9utilis\u00e9 pour un autre s\u00e9jour (sous r\u00e9serve de disponibilit\u00e9). Dans le cas o\u00f9 votre demande d\u2019annuler votre r\u00e9servation a \u00e9t\u00e9 faite avant 30 jours avant l\u2019arriv\u00e9e \u00bb, le d\u00e9p\u00f4t ne seront pas retourn\u00e9s et ne peut \u00eatre r\u00e9utilis\u00e9 pour un autre s\u00e9jour.<\/div><\/dd><dt><a class=\"accordionTitle withBorder\" style=\"background-color:#ffffff;background-image:url();padding:;color:#927658;border-color:#dd9933;\" href=\"#\"><i class=\"accordion-icon\">+<\/i><span style=\"font-size:;\">Early check out<\/span><\/a><\/dt><dd class=\"accordionItem accordionItemCollapsed\"><div class=\"accordion-content\" style=\"background-color:#ffffff;color:#927658;font-size:;\">R\u00e9serves en haute saison sont valables et obligatoires pour toute la p\u00e9riode de la r\u00e9servation. Les d\u00e9parts anticip\u00e9s sont une grande perte pour nous, car elle ne nous permet pas de prendre le temps n\u00e9cessaire pour remplir la chambre est gratuite. Par cons\u00e9quent, en cas de d\u00e9part pr\u00e9matur\u00e9 que celui indiqu\u00e9 dans la r\u00e9servation, nous vous facturerons pour toute la p\u00e9riode r\u00e9serv\u00e9e.<\/div><\/dd><dt><a class=\"accordionTitle withBorder\" style=\"background-color:#ffffff;background-image:url();padding:;color:#927658;border-color:#dd9933;\" href=\"#\"><i class=\"accordion-icon\">+<\/i><span style=\"font-size:;\">Check IN and OUT<\/span><\/a><\/dt><dd class=\"accordionItem accordionItemCollapsed\"><div class=\"accordion-content\" style=\"background-color:#ffffff;color:#927658;font-size:;\">Le jour, les chambres sont \u00e0 disposition des clients \u00e0 partir de 16.00 (l\u2019heure d\u2019arriv\u00e9e est de 16,00 \u00e0 19,00).<br \/>\nLe jour du d\u00e9part doivent \u00eatre lib\u00e9r\u00e9es avant 10h00. Le solde du compte est d\u00fb \u00e0 l\u2019arriv\u00e9e et en esp\u00e8ces ou par ch\u00e8que.<\/div><\/dd><dt><a class=\"accordionTitle withBorder\" style=\"background-color:#ffffff;background-image:url();padding:;color:#927658;border-color:#dd9933;\" href=\"#\"><i class=\"accordion-icon\">+<\/i><span style=\"font-size:;\">Petit d\u00e9jeuner et le d\u00eener<\/span><\/a><\/dt><dd class=\"accordionItem accordionItemCollapsed\"><div class=\"accordion-content\" style=\"background-color:#ffffff;color:#927658;font-size:;\">Le petit d\u00e9jeuner est servi tous les jours de 08,30 \u00e0 10,00. \u00c0 votre demande, faite \u00e0 temps, nous nous attendons \u00e0 l\u2019heure de d\u00e9but du petit d\u00e9jeuner. Le d\u00eener est servi, en famille, dans un moment unique pour tous nos clients. L\u2019heure du d\u00eener est \u00e0 20h00. Si vous avez demand\u00e9 une demi-pension et d\u2019arriver en retard abbiatevene pas mal si vous ne nous avez attendu. Un demi-pension r\u00e9servation donnera toujours lieu \u00e0 une charge \u00e0 la m\u00eame vitesse dans le traitement de demi-pension, m\u00eame si vous avez saut\u00e9 quelques d\u00eeners.<\/div><\/dd><dt><a class=\"accordionTitle withBorder\" style=\"background-color:#ffffff;background-image:url();padding:;color:#927658;border-color:#dd9933;\" href=\"#\"><i class=\"accordion-icon\">+<\/i><span style=\"font-size:;\">Animaux<\/span><\/a><\/dt><dd class=\"accordionItem accordionItemCollapsed\"><div class=\"accordion-content\" style=\"background-color:#ffffff;color:#927658;font-size:;\">Animaux de compagnie ne sont pas autoris\u00e9s, sauf accord pr\u00e9alable petite et toujours. S\u2019il vous pla\u00eet noter que l\u2019acc\u00e8s est restreint animaux dans le Parc de la Maremme. Dans la ferme les animaux doivent \u00eatre tenus en laisse et musel\u00e9s. Les propri\u00e9taires sont tenus de recueillir les besoins physiologiques de leurs animaux \u00e9liminer correctement et assurez-vous qu\u2019ils ne perturbent pas les autres invit\u00e9s. Les dommages caus\u00e9s \u00e0 des tiers et \u00e0 la structure par des animaux sont de la seule responsabilit\u00e9 du propri\u00e9taire. Les animaux ne sont pas admis dans le restaurant et \u00e0 la piscine.<\/div><\/dd><dt><a class=\"accordionTitle withBorder\" style=\"background-color:#ffffff;background-image:url();padding:;color:#927658;border-color:#dd9933;\" href=\"#\"><i class=\"accordion-icon\">+<\/i><span style=\"font-size:;\">R\u00e9ductions<\/span><\/a><\/dt><dd class=\"accordionItem accordionItemCollapsed\"><div class=\"accordion-content\" style=\"background-color:#ffffff;color:#927658;font-size:;\">Les enfants de moins de 1 an, et ne comportant pas de lit d\u2019appoint ni nous obliger \u00e0 utiliser la cuisine ou la cuisine d\u00e9chets ne seront pas payer quoi que ce soit les enfants de 2 \u00e0 8 ans sont factur\u00e9s le prix du lit d\u2019appoint pour le d\u00eener, mais ne paiera que 10,00 euros si vous n\u2019avez pas besoin d\u2019une cuisine s\u00e9par\u00e9e.<\/div><\/dd><dt><a class=\"accordionTitle withBorder\" style=\"background-color:#ffffff;background-image:url();padding:;color:#927658;border-color:#dd9933;\" href=\"#\"><i class=\"accordion-icon\">+<\/i><span style=\"font-size:;\">Parking<\/span><\/a><\/dt><dd class=\"accordionItem accordionItemCollapsed\"><div class=\"accordion-content\" style=\"background-color:#ffffff;color:#927658;font-size:;\">La farme dispose d\u2019un parking priv\u00e9 pour les voitures, les v\u00e9los et les motos. Pour les motos et les v\u00e9los peuvent \u00eatre utilis\u00e9s \u00e0 l\u2019int\u00e9rieur et les zones couvertes. Le stationnement est gratuit et se trouve sur la propri\u00e9t\u00e9, mais n\u2019est pas surveill\u00e9.<\/div><\/dd><dt><a class=\"accordionTitle withBorder\" style=\"background-color:#ffffff;background-image:url();padding:;color:#927658;border-color:#dd9933;\" href=\"#\"><i class=\"accordion-icon\">+<\/i><span style=\"font-size:;\">R\u00e9servation<\/span><\/a><\/dt><dd class=\"accordionItem accordionItemCollapsed\"><div class=\"accordion-content\" style=\"background-color:#ffffff;color:#927658;font-size:;\"><\/p>\n<div><strong>R\u00c9SERVATION:<\/strong>&nbsp;Attention! Pour r\u00e9server, il faut v\u00e9rifier la disponibilit\u00e9 de la ou des chambres. Si vous ne l\u2019avez pas encore fait, cliquer sur l\u2019onglet pr\u00e9vu. Au terme de la proc\u00e9dure de r\u00e9servation, vous pourrez:<\/div>\n<div>\n<ul>\n<li>Choisir la chambre pour la p\u00e9riode s\u00e9lectionn\u00e9e: La chambre est r\u00e9serv\u00e9e \u00e0 titre optionnel dans l\u2019attente du paiement de votre acompte de confirmation. Ce dispositif est pr\u00e9vu pour les personnes qui pr\u00e9f\u00e8rent payer l\u2019acompte par un mandat postal ou un virement bancaire. D\u00e8s que nous avons re\u00e7u une copie par fax du mandat ou du virement, nous modifions l\u2019option en r\u00e9servation. Attention!!! Une option sera automatiquement annul\u00e9e apr\u00e8s une p\u00e9riode de 7 jours suivant l\u2019introduction d\u2019une demande optionnelle de chambre.<\/li>\n<li>R\u00e9server la chambre pour la p\u00e9riode s\u00e9lectionn\u00e9e: La chambre est imm\u00e9diatement r\u00e9serv\u00e9e si le montant de l\u2019acompte de confirmation est vers\u00e9 tout de suite. Cette modalit\u00e9 est pr\u00e9vue pour ceux qui veulent imm\u00e9diatement payer l\u2019acompte gr\u00e2ce \u00e0 leur carte de cr\u00e9dit VISA ou Mastercard, via le site s\u00e9curis\u00e9 de PayPal.<\/li>\n<\/ul>\n<\/div>\n<p><\/div><\/dd><\/dl><\/div>[\/vc_column][\/vc_row]<\/p>\n","protected":false},"excerpt":{"rendered":"<p>[vc_row hide_bg_image_on_tablet=&#8221;&#8221; hide_bg_image_on_mobile=&#8221;&#8221;][vc_column][vc_column_text css=&#8221;.vc_custom_1686221992940{margin-top: 30px !important;}&#8221;]Nos prix varient d&#8217;un minimum de 40 Euros par personne \u00e0 un maximum de 100,00 Euros par personne et par nuit en chambre d&#8217;h\u00f4tes selon&hellip;<\/p>\n","protected":false},"author":1,"featured_media":1234,"parent":0,"menu_order":0,"comment_status":"closed","ping_status":"closed","template":"","meta":{"ngg_post_thumbnail":0,"footnotes":""},"categories":[],"tags":[],"class_list":["post-3531","page","type-page","status-publish","has-post-thumbnail","hentry"],"_links":{"self":[{"href":"https:\/\/www.pulledraia.it\/fr\/wp-json\/wp\/v2\/pages\/3531\/"}],"collection":[{"href":"https:\/\/www.pulledraia.it\/fr\/wp-json\/wp\/v2\/pages\/"}],"about":[{"href":"https:\/\/www.pulledraia.it\/fr\/wp-json\/wp\/v2\/types\/page\/"}],"author":[{"embeddable":true,"href":"https:\/\/www.pulledraia.it\/fr\/wp-json\/wp\/v2\/users\/1\/"}],"replies":[{"embeddable":true,"href":"https:\/\/www.pulledraia.it\/fr\/wp-json\/wp\/v2\/comments\/?post=3531"}],"version-history":[{"count":8,"href":"https:\/\/www.pulledraia.it\/fr\/wp-json\/wp\/v2\/pages\/3531\/revisions\/"}],"predecessor-version":[{"id":4162,"href":"https:\/\/www.pulledraia.it\/fr\/wp-json\/wp\/v2\/pages\/3531\/revisions\/4162\/"}],"wp:featuredmedia":[{"embeddable":true,"href":"https:\/\/www.pulledraia.it\/fr\/wp-json\/wp\/v2\/media\/1234\/"}],"wp:attachment":[{"href":"https:\/\/www.pulledraia.it\/fr\/wp-json\/wp\/v2\/media\/?parent=3531"}],"wp:term":[{"taxonomy":"category","embeddable":true,"href":"https:\/\/www.pulledraia.it\/fr\/wp-json\/wp\/v2\/categories\/?post=3531"},{"taxonomy":"post_tag","embeddable":true,"href":"https:\/\/www.pulledraia.it\/fr\/wp-json\/wp\/v2\/tags\/?post=3531"}],"curies":[{"name":"wp","href":"https:\/\/api.w.org\/{rel}","templated":true}]}}