{"id":3555,"date":"2019-07-01T16:17:36","date_gmt":"2019-07-01T14:17:36","guid":{"rendered":"https:\/\/www.pulledraia.it\/chambres-agritourisme-toscane-agritourisme-la-pulledraia\/"},"modified":"2019-07-02T16:03:23","modified_gmt":"2019-07-02T14:03:23","slug":"pays-hotel-maremma","status":"publish","type":"page","link":"https:\/\/www.pulledraia.it\/fr\/pays-hotel-maremma\/","title":{"rendered":"Chambres Agritourisme Toscane \u2013 Agritourisme la Pulledraia"},"content":{"rendered":"<p>[vc_row hide_bg_image_on_tablet=&#8221;&#8221; hide_bg_image_on_mobile=&#8221;&#8221; css=&#8221;.vc_custom_1558428236175{margin-bottom: 30px !important;}&#8221;][vc_column][vc_column_text]Les structures de la ferme \u00bb, nous avons r\u00e9serv\u00e9 \u00e0 nos h\u00f4tes 12 chambres doubles. Toutes les chambres ont une entr\u00e9e s\u00e9par\u00e9e et salle de bains. En outre, nous proposons \u00e0 nos clients une salle de chat tranquillement et se d\u00e9tendre apr\u00e8s les nombreuses excursions ou des visites qui peuvent \u00eatre faites.<\/p>\n<p>Nous sommes heureux d\u2019offrir \u00e0 nos clients en demi-pension avec un copieux petit-d\u00e9jeuner et le d\u00eener. Nous pr\u00e9parons des menus toujours diff\u00e9rents et d\u00e9licieux et sont con\u00e7us pour vous permettre de savourer et d\u2019appr\u00e9cier la simplicit\u00e9 et le naturel de nos produits et la richesse de la cuisine m\u00e9diterran\u00e9enne.<\/p>\n<p>Enfin, dans notre magasin, vous pouvez acheter des produits de saison ou nos conserves de revivre et de savourer le go\u00fbt d\u2019une ferme s\u00e9jour La Pulledraia m\u00eame lorsque vous rentrerez chez vous. Les chambres sont essentiellement de deux types, selon qu\u2019ils peuvent avoir un ou deux lits d\u2019appoint.[\/vc_column_text][\/vc_column][\/vc_row][vc_row css=&#8221;.vc_custom_1558428242014{margin-bottom: 30px !important;}&#8221;][vc_column][vc_column_text]<\/p>\n<h4 class=\"smalltitle\">Chambres &#8211; Double<\/h4>\n<p>Ces chambres sont situ\u00e9es en partie dans la ferme d\u2019origine et en partie dans un nouveau corps de construction r\u00e9cente, avec vue sur la Uccellina (Parc de la Maremme). Ces chambres ont une taille allant de 18 \u00e0 20 m\u00e8tres carr\u00e9s et vous permet de prendre jusqu\u2019\u00e0 1 lit d\u2019appoint.<br \/>\nToutes les chambres ont une entr\u00e9e priv\u00e9e, salle de bains et de la climatisation.[\/vc_column_text][\/vc_column][\/vc_row][vc_row][vc_column width=&#8221;1\/3&#8243;][vc_single_image image=&#8221;1806&#8243; img_size=&#8221;&#8221; alignment=&#8221;center&#8221; onclick=&#8221;custom_link&#8221; link=&#8221;https:\/\/www.pulledraia.it\/fr\/isole\/&#8221;][vc_column_text]<\/p>\n<h6 style=\"text-align: center;\"><a href=\"https:\/\/www.pulledraia.it\/fr\/isole\/\">Isole<\/a><\/h6>\n<p>[\/vc_column_text][\/vc_column][vc_column width=&#8221;1\/3&#8243;][vc_single_image image=&#8221;1790&#8243; img_size=&#8221;&#8221; alignment=&#8221;center&#8221; onclick=&#8221;custom_link&#8221; link=&#8221;https:\/\/www.pulledraia.it\/fr\/borghi\/&#8221;][vc_column_text]<\/p>\n<h6 style=\"text-align: center;\"><a href=\"https:\/\/www.pulledraia.it\/fr\/borghi\/\">Borghi<\/a><\/h6>\n<p>[\/vc_column_text][\/vc_column][vc_column width=&#8221;1\/3&#8243;][vc_single_image image=&#8221;1798&#8243; img_size=&#8221;&#8221; alignment=&#8221;center&#8221; onclick=&#8221;custom_link&#8221; link=&#8221;https:\/\/www.pulledraia.it\/fr\/butteri\/&#8221;][vc_column_text]<\/p>\n<h6 style=\"text-align: center;\"><a href=\"https:\/\/www.pulledraia.it\/fr\/butteri\/\">Butteri<\/a><\/h6>\n<p>[\/vc_column_text][\/vc_column][\/vc_row][vc_row css=&#8221;.vc_custom_1558428931676{margin-top: 20px !important;}&#8221;][vc_column width=&#8221;1\/3&#8243;][vc_single_image image=&#8221;1830&#8243; img_size=&#8221;&#8221; alignment=&#8221;center&#8221; onclick=&#8221;custom_link&#8221; link=&#8221;https:\/\/www.pulledraia.it\/fr\/veneti\/&#8221;][vc_column_text]<\/p>\n<h6 style=\"text-align: center;\"><a href=\"https:\/\/www.pulledraia.it\/fr\/veneti\/\">Veneti<\/a><\/h6>\n<p>[\/vc_column_text][\/vc_column][vc_column width=&#8221;1\/3&#8243;][vc_single_image image=&#8221;1814&#8243; img_size=&#8221;&#8221; alignment=&#8221;center&#8221; onclick=&#8221;custom_link&#8221; link=&#8221;https:\/\/www.pulledraia.it\/fr\/orbetello-2\/&#8221;][vc_column_text]<\/p>\n<h6 style=\"text-align: center;\"><a href=\"https:\/\/www.pulledraia.it\/fr\/orbetello-2\/\">Orbetello<\/a><\/h6>\n<p>[\/vc_column_text][\/vc_column][vc_column width=&#8221;1\/3&#8243;][vc_single_image image=&#8221;1826&#8243; img_size=&#8221;&#8221; alignment=&#8221;center&#8221; onclick=&#8221;custom_link&#8221; link=&#8221;https:\/\/www.pulledraia.it\/fr\/uccellina\/&#8221;][vc_column_text]<\/p>\n<h6 style=\"text-align: center;\"><a href=\"https:\/\/www.pulledraia.it\/fr\/uccellina\/\">Uccellina<\/a><\/h6>\n<p>[\/vc_column_text][\/vc_column][\/vc_row][vc_row css=&#8221;.vc_custom_1558428966437{margin-top: 20px !important;}&#8221;][vc_column width=&#8221;1\/3&#8243;][vc_single_image image=&#8221;1810&#8243; img_size=&#8221;&#8221; alignment=&#8221;center&#8221; onclick=&#8221;custom_link&#8221; link=&#8221;https:\/\/www.pulledraia.it\/fr\/ombrone-2\/&#8221;][vc_column_text]<\/p>\n<h6 style=\"text-align: center;\"><a href=\"https:\/\/www.pulledraia.it\/fr\/ombrone-2\/\">Ombrone<\/a><\/h6>\n<p>[\/vc_column_text][\/vc_column][vc_column width=&#8221;1\/3&#8243;][\/vc_column][vc_column width=&#8221;1\/3&#8243;][\/vc_column][\/vc_row][vc_row css=&#8221;.vc_custom_1558428585825{margin-top: 30px !important;margin-bottom: 30px !important;}&#8221;][vc_column][vc_column_text]<\/p>\n<h4 class=\"smalltitle\">Chambres &#8211; famille Double<\/h4>\n<p>Ces chambres sont situ\u00e9es dans la ferme d\u2019origine et a \u00e9t\u00e9 d\u00e9riv\u00e9e \u00e0 partir des anciennes \u00e9curies. Ont une taille d\u2019environ 22 m\u00e8tres carr\u00e9s et vous permet de prendre jusqu\u2019\u00e0 deux lits d\u2019appoint ce qui les rend id\u00e9ales pour les familles avec 2 enfants.<br \/>\nToutes les chambres ont une entr\u00e9e priv\u00e9e, salle de bains et de la climatisation.[\/vc_column_text][\/vc_column][\/vc_row][vc_row][vc_column width=&#8221;1\/3&#8243;][vc_single_image image=&#8221;1794&#8243; img_size=&#8221;&#8221; alignment=&#8221;center&#8221; onclick=&#8221;custom_link&#8221; link=&#8221;https:\/\/www.pulledraia.it\/fr\/briganti\/&#8221;][vc_column_text]<\/p>\n<h6 style=\"text-align: center;\"><a href=\"https:\/\/www.pulledraia.it\/fr\/briganti\/\">Briganti<\/a><\/h6>\n<p>[\/vc_column_text][\/vc_column][vc_column width=&#8221;1\/3&#8243;][vc_single_image image=&#8221;1802&#8243; img_size=&#8221;&#8221; alignment=&#8221;center&#8221; onclick=&#8221;custom_link&#8221; link=&#8221;https:\/\/www.pulledraia.it\/fr\/etruschi\/&#8221;][vc_column_text]<\/p>\n<h6 style=\"text-align: center;\"><a href=\"https:\/\/www.pulledraia.it\/fr\/etruschi\/\">Etruschi<\/a><\/h6>\n<p>[\/vc_column_text][\/vc_column][vc_column width=&#8221;1\/3&#8243;][vc_single_image image=&#8221;1818&#8243; img_size=&#8221;&#8221; alignment=&#8221;center&#8221; onclick=&#8221;custom_link&#8221; link=&#8221;https:\/\/www.pulledraia.it\/fr\/padule\/&#8221;][vc_column_text]<\/p>\n<h6 style=\"text-align: center;\"><a href=\"https:\/\/www.pulledraia.it\/fr\/padule\/\">Padule<\/a><\/h6>\n<p>[\/vc_column_text][\/vc_column][\/vc_row][vc_row css=&#8221;.vc_custom_1558428939357{margin-top: 20px !important;}&#8221;][vc_column width=&#8221;1\/3&#8243;][vc_single_image image=&#8221;1786&#8243; img_size=&#8221;&#8221; alignment=&#8221;center&#8221; onclick=&#8221;custom_link&#8221; link=&#8221;https:\/\/www.pulledraia.it\/fr\/argentario-2\/&#8221;][vc_column_text]<\/p>\n<h6 style=\"text-align: center;\"><a href=\"https:\/\/www.pulledraia.it\/fr\/argentario-2\/\">Argentario<\/a><\/h6>\n<p>[\/vc_column_text][\/vc_column][vc_column width=&#8221;1\/3&#8243;][vc_single_image image=&#8221;1822&#8243; img_size=&#8221;&#8221; alignment=&#8221;center&#8221; onclick=&#8221;custom_link&#8221; link=&#8221;https:\/\/www.pulledraia.it\/fr\/pitigliano\/&#8221;][vc_column_text]<\/p>\n<h6 style=\"text-align: center;\"><a href=\"https:\/\/www.pulledraia.it\/fr\/pitigliano\/\">Pitigliano<\/a><\/h6>\n<p>[\/vc_column_text][\/vc_column][vc_column width=&#8221;1\/3&#8243;][\/vc_column][\/vc_row]<\/p>\n","protected":false},"excerpt":{"rendered":"<p>[vc_row hide_bg_image_on_tablet=&#8221;&#8221; hide_bg_image_on_mobile=&#8221;&#8221; css=&#8221;.vc_custom_1558428236175{margin-bottom: 30px !important;}&#8221;][vc_column][vc_column_text]Les structures de la ferme \u00bb, nous avons r\u00e9serv\u00e9 \u00e0 nos h\u00f4tes 12 chambres doubles. Toutes les chambres ont une entr\u00e9e s\u00e9par\u00e9e et salle de&hellip;<\/p>\n","protected":false},"author":1,"featured_media":1234,"parent":0,"menu_order":0,"comment_status":"closed","ping_status":"closed","template":"","meta":{"ngg_post_thumbnail":0,"footnotes":""},"categories":[],"tags":[],"class_list":["post-3555","page","type-page","status-publish","has-post-thumbnail","hentry"],"_links":{"self":[{"href":"https:\/\/www.pulledraia.it\/fr\/wp-json\/wp\/v2\/pages\/3555\/"}],"collection":[{"href":"https:\/\/www.pulledraia.it\/fr\/wp-json\/wp\/v2\/pages\/"}],"about":[{"href":"https:\/\/www.pulledraia.it\/fr\/wp-json\/wp\/v2\/types\/page\/"}],"author":[{"embeddable":true,"href":"https:\/\/www.pulledraia.it\/fr\/wp-json\/wp\/v2\/users\/1\/"}],"replies":[{"embeddable":true,"href":"https:\/\/www.pulledraia.it\/fr\/wp-json\/wp\/v2\/comments\/?post=3555"}],"version-history":[{"count":6,"href":"https:\/\/www.pulledraia.it\/fr\/wp-json\/wp\/v2\/pages\/3555\/revisions\/"}],"predecessor-version":[{"id":3722,"href":"https:\/\/www.pulledraia.it\/fr\/wp-json\/wp\/v2\/pages\/3555\/revisions\/3722\/"}],"wp:featuredmedia":[{"embeddable":true,"href":"https:\/\/www.pulledraia.it\/fr\/wp-json\/wp\/v2\/media\/1234\/"}],"wp:attachment":[{"href":"https:\/\/www.pulledraia.it\/fr\/wp-json\/wp\/v2\/media\/?parent=3555"}],"wp:term":[{"taxonomy":"category","embeddable":true,"href":"https:\/\/www.pulledraia.it\/fr\/wp-json\/wp\/v2\/categories\/?post=3555"},{"taxonomy":"post_tag","embeddable":true,"href":"https:\/\/www.pulledraia.it\/fr\/wp-json\/wp\/v2\/tags\/?post=3555"}],"curies":[{"name":"wp","href":"https:\/\/api.w.org\/{rel}","templated":true}]}}